{"id":81,"date":"2017-06-16T16:43:05","date_gmt":"2017-06-16T14:43:05","guid":{"rendered":"https:\/\/pol-in.eu\/?page_id=81"},"modified":"2025-07-08T22:18:50","modified_gmt":"2025-07-08T20:18:50","slug":"zdjecia-2017","status":"publish","type":"photos","link":"https:\/\/pol-in.eu\/pl\/zdjecia\/zdjecia-2017\/","title":{"rendered":"Zdj\u0119cia 2017"},"content":{"rendered":"\n<h2 class=\"wp-block-heading\">V Mi\u0119dzynarodowy Konkurs Literacki \u201eM\u0142odzie\u017c pisze wiersze\u201d<\/h2>\n\n\n\n<figure class=\"wp-block-gallery has-nested-images columns-2 is-cropped wp-block-gallery-1 is-layout-flex wp-block-gallery-is-layout-flex\">\n<figure class=\"wp-block-image size-full\"><a href=\"https:\/\/pol-in.eu\/wp-content\/uploads\/2017\/12\/jsg2017-16.jpg\"><img loading=\"lazy\" decoding=\"async\" width=\"1250\" height=\"938\" data-id=\"3113\" src=\"https:\/\/pol-in.eu\/wp-content\/uploads\/2017\/12\/jsg2017-16.jpg\" alt=\"\" class=\"wp-image-3113\" srcset=\"https:\/\/pol-in.eu\/wp-content\/uploads\/2017\/12\/jsg2017-16.jpg 1250w, https:\/\/pol-in.eu\/wp-content\/uploads\/2017\/12\/jsg2017-16-300x225.jpg 300w, https:\/\/pol-in.eu\/wp-content\/uploads\/2017\/12\/jsg2017-16-768x576.jpg 768w, https:\/\/pol-in.eu\/wp-content\/uploads\/2017\/12\/jsg2017-16-1024x768.jpg 1024w, https:\/\/pol-in.eu\/wp-content\/uploads\/2017\/12\/jsg2017-16-624x468.jpg 624w\" sizes=\"auto, (max-width: 1250px) 100vw, 1250px\" \/><\/a><\/figure>\n\n\n\n<figure class=\"wp-block-image size-full\"><a href=\"https:\/\/pol-in.eu\/wp-content\/uploads\/2017\/12\/jsg2017-13.jpg\"><img loading=\"lazy\" decoding=\"async\" width=\"1250\" height=\"938\" data-id=\"3112\" src=\"https:\/\/pol-in.eu\/wp-content\/uploads\/2017\/12\/jsg2017-13.jpg\" alt=\"\" class=\"wp-image-3112\" srcset=\"https:\/\/pol-in.eu\/wp-content\/uploads\/2017\/12\/jsg2017-13.jpg 1250w, https:\/\/pol-in.eu\/wp-content\/uploads\/2017\/12\/jsg2017-13-300x225.jpg 300w, https:\/\/pol-in.eu\/wp-content\/uploads\/2017\/12\/jsg2017-13-768x576.jpg 768w, https:\/\/pol-in.eu\/wp-content\/uploads\/2017\/12\/jsg2017-13-1024x768.jpg 1024w, https:\/\/pol-in.eu\/wp-content\/uploads\/2017\/12\/jsg2017-13-624x468.jpg 624w\" sizes=\"auto, (max-width: 1250px) 100vw, 1250px\" \/><\/a><\/figure>\n\n\n\n<figure class=\"wp-block-image size-full\"><a href=\"https:\/\/pol-in.eu\/wp-content\/uploads\/2017\/12\/02.1.18.11.2017-ii.jpg\"><img loading=\"lazy\" decoding=\"async\" width=\"1250\" height=\"938\" data-id=\"3111\" src=\"https:\/\/pol-in.eu\/wp-content\/uploads\/2017\/12\/02.1.18.11.2017-ii.jpg\" alt=\"\" class=\"wp-image-3111\" srcset=\"https:\/\/pol-in.eu\/wp-content\/uploads\/2017\/12\/02.1.18.11.2017-ii.jpg 1250w, https:\/\/pol-in.eu\/wp-content\/uploads\/2017\/12\/02.1.18.11.2017-ii-300x225.jpg 300w, https:\/\/pol-in.eu\/wp-content\/uploads\/2017\/12\/02.1.18.11.2017-ii-768x576.jpg 768w, https:\/\/pol-in.eu\/wp-content\/uploads\/2017\/12\/02.1.18.11.2017-ii-1024x768.jpg 1024w, https:\/\/pol-in.eu\/wp-content\/uploads\/2017\/12\/02.1.18.11.2017-ii-624x468.jpg 624w\" sizes=\"auto, (max-width: 1250px) 100vw, 1250px\" \/><\/a><\/figure>\n<\/figure>\n\n\n\n<p>Album: <a href=\"https:\/\/www.facebook.com\/pg\/polin.ev\/photos\/?tab=album&amp;album_id=1551717004874141\" target=\"_blank\" rel=\"noopener\">https:\/\/www.facebook.com\/pg\/polin.ev\/photos\/?tab=album&amp;album_id=1551717004874141<\/a><\/p>\n\n\n\n<h2 class=\"wp-block-heading\">Poza konkurencj\u0105<\/h2>\n\n\n\n<h2 class=\"wp-block-heading\">5. Spotkania z piosenk\u0105 aktorsk\u0105 i poezj\u0105 \u015bpiewan\u0105<\/h2>\n\n\n\n<p><strong>Marta Bizo\u0144 &amp; Przyjaciele \u2013 \u201eKrak\u00f3w\u201d<\/strong><\/p>\n\n\n\n<p><a href=\"https:\/\/www.facebook.com\/media\/set\/edit\/a.1416883965024113.1073741899.249099665135888\">https:\/\/www.facebook.com\/media\/set\/edit\/a.1416883965024113.1073741899.249099665135888<\/a><\/p>\n\n\n\n<p><strong>Olga Szoma\u0144ska &amp; Hadrian Filip Tab\u0119cki \u2013 \u201eKochaj i r\u00f3b co chcesz\u201d<\/strong><\/p>\n\n\n\n<p><a href=\"https:\/\/www.facebook.com\/pg\/polin.ev\/photos\/?tab=album&amp;album_id=1377412902304553\">https:\/\/www.facebook.com\/pg\/polin.ev\/photos\/?tab=album&amp;album_id=1377412902304553<\/a><\/p>\n\n\n\n<p><strong>Marek Richter &amp; Band \u2013 \u201eW skali Richtera\u201d<\/strong><\/p>\n\n\n\n<p><a href=\"https:\/\/www.facebook.com\/pg\/polin.ev\/photos\/?tab=album&amp;album_id=1341387629240414\">https:\/\/www.facebook.com\/pg\/polin.ev\/photos\/?tab=album&amp;album_id=1341387629240414<\/a><\/p>\n","protected":false},"featured_media":0,"template":"","class_list":["post-81","photos","type-photos","status-publish","hentry"],"blocksy_meta":[],"yoast_head":"<!-- This site is optimized with the Yoast SEO plugin v26.7 - https:\/\/yoast.com\/wordpress\/plugins\/seo\/ -->\n<title>Zdj\u0119cia 2017 - Pol-in.eu<\/title>\n<meta name=\"robots\" content=\"index, follow, max-snippet:-1, max-image-preview:large, max-video-preview:-1\" \/>\n<link rel=\"canonical\" href=\"https:\/\/pol-in.eu\/zdjecia\/fotos-2017\/\" \/>\n<meta property=\"og:locale\" content=\"pl_PL\" \/>\n<meta property=\"og:type\" content=\"article\" \/>\n<meta property=\"og:title\" content=\"Zdj\u0119cia 2017 - Pol-in.eu\" \/>\n<meta property=\"og:description\" content=\"V Mi\u0119dzynarodowy Konkurs Literacki \u201eM\u0142odzie\u017c pisze wiersze\u201d Album: https:\/\/www.facebook.com\/pg\/polin.ev\/photos\/?tab=album&amp;album_id=1551717004874141 Poza konkurencj\u0105 5. Spotkania z piosenk\u0105 aktorsk\u0105 i poezj\u0105 \u015bpiewan\u0105 Marta Bizo\u0144 &amp; Przyjaciele \u2013 \u201eKrak\u00f3w\u201d https:\/\/www.facebook.com\/media\/set\/edit\/a.1416883965024113.1073741899.249099665135888 Olga Szoma\u0144ska &amp; Hadrian Filip Tab\u0119cki \u2013 \u201eKochaj i r\u00f3b co chcesz\u201d https:\/\/www.facebook.com\/pg\/polin.ev\/photos\/?tab=album&amp;album_id=1377412902304553 Marek Richter &amp; Band \u2013 \u201eW skali Richtera\u201d https:\/\/www.facebook.com\/pg\/polin.ev\/photos\/?tab=album&amp;album_id=1341387629240414\" \/>\n<meta property=\"og:url\" content=\"https:\/\/pol-in.eu\/zdjecia\/fotos-2017\/\" \/>\n<meta property=\"og:site_name\" content=\"Pol-in.eu\" \/>\n<meta property=\"article:modified_time\" content=\"2025-07-08T20:18:50+00:00\" \/>\n<meta property=\"og:image\" content=\"https:\/\/pol-in.eu\/wp-content\/uploads\/2017\/12\/jsg2017-16.jpg\" \/>\n<meta name=\"twitter:card\" content=\"summary_large_image\" \/>\n<script type=\"application\/ld+json\" class=\"yoast-schema-graph\">{\"@context\":\"https:\/\/schema.org\",\"@graph\":[{\"@type\":\"WebPage\",\"@id\":\"https:\/\/pol-in.eu\/zdjecia\/fotos-2017\/\",\"url\":\"https:\/\/pol-in.eu\/zdjecia\/fotos-2017\/\",\"name\":\"Zdj\u0119cia 2017 - Pol-in.eu\",\"isPartOf\":{\"@id\":\"https:\/\/pol-in.eu\/#website\"},\"primaryImageOfPage\":{\"@id\":\"https:\/\/pol-in.eu\/zdjecia\/fotos-2017\/#primaryimage\"},\"image\":{\"@id\":\"https:\/\/pol-in.eu\/zdjecia\/fotos-2017\/#primaryimage\"},\"thumbnailUrl\":\"https:\/\/pol-in.eu\/wp-content\/uploads\/2017\/12\/jsg2017-16.jpg\",\"datePublished\":\"2017-06-16T14:43:05+00:00\",\"dateModified\":\"2025-07-08T20:18:50+00:00\",\"breadcrumb\":{\"@id\":\"https:\/\/pol-in.eu\/zdjecia\/fotos-2017\/#breadcrumb\"},\"inLanguage\":\"pl-PL\",\"potentialAction\":[{\"@type\":\"ReadAction\",\"target\":[\"https:\/\/pol-in.eu\/zdjecia\/fotos-2017\/\"]}]},{\"@type\":\"ImageObject\",\"inLanguage\":\"pl-PL\",\"@id\":\"https:\/\/pol-in.eu\/zdjecia\/fotos-2017\/#primaryimage\",\"url\":\"https:\/\/pol-in.eu\/wp-content\/uploads\/2017\/12\/jsg2017-16.jpg\",\"contentUrl\":\"https:\/\/pol-in.eu\/wp-content\/uploads\/2017\/12\/jsg2017-16.jpg\"},{\"@type\":\"BreadcrumbList\",\"@id\":\"https:\/\/pol-in.eu\/zdjecia\/fotos-2017\/#breadcrumb\",\"itemListElement\":[{\"@type\":\"ListItem\",\"position\":1,\"name\":\"Strona g\u0142\u00f3wna\",\"item\":\"https:\/\/pol-in.eu\/pl\/\"},{\"@type\":\"ListItem\",\"position\":2,\"name\":\"Zdj\u0119cia 2024\",\"item\":\"https:\/\/pol-in.eu\/zdjecia\/fotos-2024\/\"},{\"@type\":\"ListItem\",\"position\":3,\"name\":\"Zdj\u0119cia 2017\"}]},{\"@type\":\"WebSite\",\"@id\":\"https:\/\/pol-in.eu\/#website\",\"url\":\"https:\/\/pol-in.eu\/\",\"name\":\"Pol-in.eu\",\"description\":\"Polki w Gospodarce i Kulturze\",\"publisher\":{\"@id\":\"https:\/\/pol-in.eu\/#organization\"},\"potentialAction\":[{\"@type\":\"SearchAction\",\"target\":{\"@type\":\"EntryPoint\",\"urlTemplate\":\"https:\/\/pol-in.eu\/?s={search_term_string}\"},\"query-input\":{\"@type\":\"PropertyValueSpecification\",\"valueRequired\":true,\"valueName\":\"search_term_string\"}}],\"inLanguage\":\"pl-PL\"},{\"@type\":\"Organization\",\"@id\":\"https:\/\/pol-in.eu\/#organization\",\"name\":\"Pol-in.eu\",\"url\":\"https:\/\/pol-in.eu\/\",\"logo\":{\"@type\":\"ImageObject\",\"inLanguage\":\"pl-PL\",\"@id\":\"https:\/\/pol-in.eu\/#\/schema\/logo\/image\/\",\"url\":\"https:\/\/pol-in.eu\/wp-content\/uploads\/2017\/06\/logopolin.jpg\",\"contentUrl\":\"https:\/\/pol-in.eu\/wp-content\/uploads\/2017\/06\/logopolin.jpg\",\"width\":454,\"height\":119,\"caption\":\"Pol-in.eu \"},\"image\":{\"@id\":\"https:\/\/pol-in.eu\/#\/schema\/logo\/image\/\"}}]}<\/script>\n<!-- \/ Yoast SEO plugin. -->","yoast_head_json":{"title":"Zdj\u0119cia 2017 - Pol-in.eu","robots":{"index":"index","follow":"follow","max-snippet":"max-snippet:-1","max-image-preview":"max-image-preview:large","max-video-preview":"max-video-preview:-1"},"canonical":"https:\/\/pol-in.eu\/zdjecia\/fotos-2017\/","og_locale":"pl_PL","og_type":"article","og_title":"Zdj\u0119cia 2017 - Pol-in.eu","og_description":"V Mi\u0119dzynarodowy Konkurs Literacki \u201eM\u0142odzie\u017c pisze wiersze\u201d Album: https:\/\/www.facebook.com\/pg\/polin.ev\/photos\/?tab=album&amp;album_id=1551717004874141 Poza konkurencj\u0105 5. Spotkania z piosenk\u0105 aktorsk\u0105 i poezj\u0105 \u015bpiewan\u0105 Marta Bizo\u0144 &amp; Przyjaciele \u2013 \u201eKrak\u00f3w\u201d https:\/\/www.facebook.com\/media\/set\/edit\/a.1416883965024113.1073741899.249099665135888 Olga Szoma\u0144ska &amp; Hadrian Filip Tab\u0119cki \u2013 \u201eKochaj i r\u00f3b co chcesz\u201d https:\/\/www.facebook.com\/pg\/polin.ev\/photos\/?tab=album&amp;album_id=1377412902304553 Marek Richter &amp; Band \u2013 \u201eW skali Richtera\u201d https:\/\/www.facebook.com\/pg\/polin.ev\/photos\/?tab=album&amp;album_id=1341387629240414","og_url":"https:\/\/pol-in.eu\/zdjecia\/fotos-2017\/","og_site_name":"Pol-in.eu","article_modified_time":"2025-07-08T20:18:50+00:00","og_image":[{"url":"https:\/\/pol-in.eu\/wp-content\/uploads\/2017\/12\/jsg2017-16.jpg","type":"","width":"","height":""}],"twitter_card":"summary_large_image","schema":{"@context":"https:\/\/schema.org","@graph":[{"@type":"WebPage","@id":"https:\/\/pol-in.eu\/zdjecia\/fotos-2017\/","url":"https:\/\/pol-in.eu\/zdjecia\/fotos-2017\/","name":"Zdj\u0119cia 2017 - Pol-in.eu","isPartOf":{"@id":"https:\/\/pol-in.eu\/#website"},"primaryImageOfPage":{"@id":"https:\/\/pol-in.eu\/zdjecia\/fotos-2017\/#primaryimage"},"image":{"@id":"https:\/\/pol-in.eu\/zdjecia\/fotos-2017\/#primaryimage"},"thumbnailUrl":"https:\/\/pol-in.eu\/wp-content\/uploads\/2017\/12\/jsg2017-16.jpg","datePublished":"2017-06-16T14:43:05+00:00","dateModified":"2025-07-08T20:18:50+00:00","breadcrumb":{"@id":"https:\/\/pol-in.eu\/zdjecia\/fotos-2017\/#breadcrumb"},"inLanguage":"pl-PL","potentialAction":[{"@type":"ReadAction","target":["https:\/\/pol-in.eu\/zdjecia\/fotos-2017\/"]}]},{"@type":"ImageObject","inLanguage":"pl-PL","@id":"https:\/\/pol-in.eu\/zdjecia\/fotos-2017\/#primaryimage","url":"https:\/\/pol-in.eu\/wp-content\/uploads\/2017\/12\/jsg2017-16.jpg","contentUrl":"https:\/\/pol-in.eu\/wp-content\/uploads\/2017\/12\/jsg2017-16.jpg"},{"@type":"BreadcrumbList","@id":"https:\/\/pol-in.eu\/zdjecia\/fotos-2017\/#breadcrumb","itemListElement":[{"@type":"ListItem","position":1,"name":"Strona g\u0142\u00f3wna","item":"https:\/\/pol-in.eu\/pl\/"},{"@type":"ListItem","position":2,"name":"Zdj\u0119cia 2024","item":"https:\/\/pol-in.eu\/zdjecia\/fotos-2024\/"},{"@type":"ListItem","position":3,"name":"Zdj\u0119cia 2017"}]},{"@type":"WebSite","@id":"https:\/\/pol-in.eu\/#website","url":"https:\/\/pol-in.eu\/","name":"Pol-in.eu","description":"Polki w Gospodarce i Kulturze","publisher":{"@id":"https:\/\/pol-in.eu\/#organization"},"potentialAction":[{"@type":"SearchAction","target":{"@type":"EntryPoint","urlTemplate":"https:\/\/pol-in.eu\/?s={search_term_string}"},"query-input":{"@type":"PropertyValueSpecification","valueRequired":true,"valueName":"search_term_string"}}],"inLanguage":"pl-PL"},{"@type":"Organization","@id":"https:\/\/pol-in.eu\/#organization","name":"Pol-in.eu","url":"https:\/\/pol-in.eu\/","logo":{"@type":"ImageObject","inLanguage":"pl-PL","@id":"https:\/\/pol-in.eu\/#\/schema\/logo\/image\/","url":"https:\/\/pol-in.eu\/wp-content\/uploads\/2017\/06\/logopolin.jpg","contentUrl":"https:\/\/pol-in.eu\/wp-content\/uploads\/2017\/06\/logopolin.jpg","width":454,"height":119,"caption":"Pol-in.eu "},"image":{"@id":"https:\/\/pol-in.eu\/#\/schema\/logo\/image\/"}}]}},"_links":{"self":[{"href":"https:\/\/pol-in.eu\/pl\/wp-json\/wp\/v2\/photos\/81","targetHints":{"allow":["GET"]}}],"collection":[{"href":"https:\/\/pol-in.eu\/pl\/wp-json\/wp\/v2\/photos"}],"about":[{"href":"https:\/\/pol-in.eu\/pl\/wp-json\/wp\/v2\/types\/photos"}],"wp:attachment":[{"href":"https:\/\/pol-in.eu\/pl\/wp-json\/wp\/v2\/media?parent=81"}],"curies":[{"name":"wp","href":"https:\/\/api.w.org\/{rel}","templated":true}]}}