{"id":5304,"date":"2025-12-14T14:31:40","date_gmt":"2025-12-14T13:31:40","guid":{"rendered":"https:\/\/pol-in.eu\/?post_type=projects&#038;p=5304"},"modified":"2025-12-14T14:32:01","modified_gmt":"2025-12-14T13:32:01","slug":"projekty-2026","status":"publish","type":"projects","link":"https:\/\/pol-in.eu\/pl\/projekty\/projekty-2026\/","title":{"rendered":"Projekty 2026"},"content":{"rendered":"\n<p><strong>XIII Mi\u0119dzynarodowy Konkurs Literacki \u201eM\u0142odzie\u017c pisze wiersze\u201d<\/strong><\/p>\n\n\n\n<p>Jury XIII Mi\u0119dzynarodowego Konkursu Literackiego 2025 \u201eM\u0142odzie\u017c pisze wiersze\u201d wy\u0142oni\u0142o zwyci\u0119zc\u00f3w!<strong><br><a href=\"https:\/\/pol-in.eu\/wp-content\/uploads\/2025\/07\/Laureaci_Mlodziez-pisze-wiersze_2025.pdf\" target=\"_blank\" rel=\"noreferrer noopener\">Oto laureaci konkursu 2025 (PDF)<\/a><\/strong><\/p>\n\n\n\n<figure class=\"wp-block-image is-resized\"><img loading=\"lazy\" decoding=\"async\" width=\"1720\" height=\"1748\" src=\"https:\/\/pol-in.eu\/wp-content\/uploads\/2025\/07\/JsG_Umschlag2025-1.jpg\" alt=\"\" class=\"wp-image-5238\" style=\"aspect-ratio:0.9839896681084849;width:490px;height:auto\" srcset=\"https:\/\/pol-in.eu\/wp-content\/uploads\/2025\/07\/JsG_Umschlag2025-1.jpg 1720w, https:\/\/pol-in.eu\/wp-content\/uploads\/2025\/07\/JsG_Umschlag2025-1-295x300.jpg 295w, https:\/\/pol-in.eu\/wp-content\/uploads\/2025\/07\/JsG_Umschlag2025-1-1158x1177.jpg 1158w, https:\/\/pol-in.eu\/wp-content\/uploads\/2025\/07\/JsG_Umschlag2025-1-768x781.jpg 768w, https:\/\/pol-in.eu\/wp-content\/uploads\/2025\/07\/JsG_Umschlag2025-1-1511x1536.jpg 1511w\" sizes=\"auto, (max-width: 1720px) 100vw, 1720px\" \/><\/figure>\n\n\n\n<p>W tym miejscu uka\u017c\u0105 si\u0119 w listopadzie nagrodzone prace.&nbsp;<a href=\"https:\/\/pol-in.eu\/wp-content\/uploads\/2024\/08\/JsG_MpW_2024.pdf\" target=\"_blank\" rel=\"noreferrer noopener\">Oto prace nagrodzone w roku 2025 (PDF)<\/a><\/p>\n\n\n\n<p>Publiczna prezentacja nagrodzonych prac odb\u0119dzie si\u0119 13 grudnia 2025 r. w Domu Poezji<br>(Haus f\u00fcr Poesie) w Berlinie.<\/p>\n\n\n\n<p>Mi\u0119dzynarodowy Konkurs Literacki \u201eM\u0142odzie\u017c pisze wiersze\u201d dofinansowywany jest przez Pe\u0142nomocniczk\u0119 Rz\u0105du Federalnego ds. Kultury i Medi\u00f3w, Ministerstwo Spraw Zagranicznych RFN, Instytut Polski, Ambasad\u0119 Rzeczypospolitej Polskiej w Berlinie oraz prywatnych sponsor\u00f3w. Projekt wsp\u00f3\u0142finansowany ze \u015brodk\u00f3w polonijnych Ministerstwa Spraw Zagranicznych, za po\u015brednictwem Ambasady RP w Berlinie.<br>Projekt realizowany we wsp\u00f3\u0142pracy z Polskim Towarzystwem Szkolnym \u201eO\u015bwiata\u201d oraz<br>Domem Poezji (Haus f\u00fcr Poesie).<\/p>\n\n\n\n<p><a href=\"https:\/\/www.bundesregierung.de\/breg-de\/bundesregierung\/staatsministerin-fuer-kultur-und-medien\" target=\"_blank\" rel=\"noreferrer noopener\">www.kulturstaatsministerin.de<\/a>&nbsp; <a href=\"https:\/\/instytutpolski.pl\/berlin\" target=\"_blank\" rel=\"noreferrer noopener\">Instytut Polski w Berlinie<\/a><\/p>\n\n\n\n<figure class=\"wp-block-image\"><img loading=\"lazy\" decoding=\"async\" width=\"300\" height=\"128\" src=\"https:\/\/pol-in.eu\/wp-content\/uploads\/2020\/03\/BKM_2017_Office_Farbe_de-300x128.png\" alt=\"\" class=\"wp-image-1898\" srcset=\"https:\/\/pol-in.eu\/wp-content\/uploads\/2020\/03\/BKM_2017_Office_Farbe_de-300x128.png 300w, https:\/\/pol-in.eu\/wp-content\/uploads\/2020\/03\/BKM_2017_Office_Farbe_de-768x329.png 768w, https:\/\/pol-in.eu\/wp-content\/uploads\/2020\/03\/BKM_2017_Office_Farbe_de-1024x438.png 1024w, https:\/\/pol-in.eu\/wp-content\/uploads\/2020\/03\/BKM_2017_Office_Farbe_de-624x267.png 624w, https:\/\/pol-in.eu\/wp-content\/uploads\/2020\/03\/BKM_2017_Office_Farbe_de.png 1944w\" sizes=\"auto, (max-width: 300px) 100vw, 300px\" \/><\/figure>\n\n\n\n<hr class=\"wp-block-separator has-alpha-channel-opacity\"\/>\n\n\n\n<p><strong>XIII spotkania z piosenk\u0105 aktorsk\u0105 i poezj\u0105 \u201e\u015bpiewan\u0105\u201d<\/strong><\/p>\n\n\n\n<p><strong>Czwartek, 20 marca 2025, godz. 20:00<\/strong><br>Iza Po\u0142o\u0144ska &amp; Piotr Mania<br>\u201eSamotne wyspy serc\u201d<\/p>\n\n\n\n<p><strong>Czwartek, 19 czerwca 2025, godz. 20:00<\/strong><br>Agnieszka Chrzanowska &amp; Jaros\u0142aw Meus<br>\u201eBez ciebie ja to nie ja\u201d<\/p>\n\n\n\n<p><strong>Czwartek, 3 lipca 2025, godz. 20:00<\/strong><br>Marta Bizo\u0144 &amp; The family<br>\u201eChwilo trwaj!\u201d<\/p>\n\n\n\n<p><strong>Miejsce:&nbsp;<\/strong>Jazzclub Schlot, Invalidenstra\u00dfe 117, 10115 Berlin<br>Wej\u015bcie: godz. 19:00, wst\u0119p wolny, darowizny mile widziane<br>Zg\u0142oszenia:&nbsp;<a href=\"mailto:info@polintest.hellothere.pl\">info[at]pol-in.eu<\/a><\/p>\n\n\n\n<p>Moderacja, t\u0142umaczenia, koordynacja projektu: Celina Muza<\/p>\n\n\n\n<p>Projekt realizowany przy finansowym wsparciu Rzecznika Rz\u0105du RFN do Spraw Kultury i Medi\u00f3w.&nbsp;<\/p>\n\n\n\n<p><a href=\"https:\/\/www.bundesregierung.de\/breg-de\/bundesregierung\/staatsministerin-fuer-kultur-und-medien\">www.kulturstaatsministerin.de<\/a><\/p>\n\n\n\n<figure class=\"wp-block-image is-resized\"><img loading=\"lazy\" decoding=\"async\" width=\"1177\" height=\"504\" src=\"https:\/\/pol-in.eu\/wp-content\/uploads\/2022\/08\/BKM_2017_Office_Farbe_de-1177x504.png\" alt=\"\" class=\"wp-image-3127\" style=\"aspect-ratio:2.3354254853306085;width:229px;height:auto\" srcset=\"https:\/\/pol-in.eu\/wp-content\/uploads\/2022\/08\/BKM_2017_Office_Farbe_de-1177x504.png 1177w, https:\/\/pol-in.eu\/wp-content\/uploads\/2022\/08\/BKM_2017_Office_Farbe_de-300x128.png 300w, https:\/\/pol-in.eu\/wp-content\/uploads\/2022\/08\/BKM_2017_Office_Farbe_de-768x329.png 768w, https:\/\/pol-in.eu\/wp-content\/uploads\/2022\/08\/BKM_2017_Office_Farbe_de-624x267.png 624w, https:\/\/pol-in.eu\/wp-content\/uploads\/2022\/08\/BKM_2017_Office_Farbe_de.png 1944w\" sizes=\"auto, (max-width: 1177px) 100vw, 1177px\" \/><\/figure>\n","protected":false},"featured_media":0,"template":"","class_list":["post-5304","projects","type-projects","status-publish","hentry"],"blocksy_meta":[],"yoast_head":"<!-- This site is optimized with the Yoast SEO plugin v26.7 - https:\/\/yoast.com\/wordpress\/plugins\/seo\/ -->\n<title>Projekty 2026 - Pol-in.eu<\/title>\n<meta name=\"robots\" content=\"index, follow, max-snippet:-1, max-image-preview:large, max-video-preview:-1\" \/>\n<link rel=\"canonical\" href=\"https:\/\/pol-in.eu\/pl\/projekty\/projekty-2026\/\" \/>\n<meta property=\"og:locale\" content=\"pl_PL\" \/>\n<meta property=\"og:type\" content=\"article\" \/>\n<meta property=\"og:title\" content=\"Projekty 2026 - Pol-in.eu\" \/>\n<meta property=\"og:description\" content=\"XIII Mi\u0119dzynarodowy Konkurs Literacki \u201eM\u0142odzie\u017c pisze wiersze\u201d Jury XIII Mi\u0119dzynarodowego Konkursu Literackiego 2025 \u201eM\u0142odzie\u017c pisze wiersze\u201d wy\u0142oni\u0142o zwyci\u0119zc\u00f3w!Oto laureaci konkursu 2025 (PDF) W tym miejscu uka\u017c\u0105 si\u0119 w listopadzie nagrodzone prace.&nbsp;Oto prace nagrodzone w roku 2025 (PDF) Publiczna prezentacja nagrodzonych prac odb\u0119dzie si\u0119 13 grudnia 2025 r. w Domu Poezji(Haus f\u00fcr Poesie) w Berlinie. Mi\u0119dzynarodowy [&hellip;]\" \/>\n<meta property=\"og:url\" content=\"https:\/\/pol-in.eu\/pl\/projekty\/projekty-2026\/\" \/>\n<meta property=\"og:site_name\" content=\"Pol-in.eu\" \/>\n<meta property=\"article:modified_time\" content=\"2025-12-14T13:32:01+00:00\" \/>\n<meta property=\"og:image\" content=\"https:\/\/pol-in.eu\/wp-content\/uploads\/2025\/07\/JsG_Umschlag2025-1.jpg\" \/>\n\t<meta property=\"og:image:width\" content=\"1720\" \/>\n\t<meta property=\"og:image:height\" content=\"1748\" \/>\n\t<meta property=\"og:image:type\" content=\"image\/jpeg\" \/>\n<meta name=\"twitter:card\" content=\"summary_large_image\" \/>\n<script type=\"application\/ld+json\" class=\"yoast-schema-graph\">{\"@context\":\"https:\/\/schema.org\",\"@graph\":[{\"@type\":\"WebPage\",\"@id\":\"https:\/\/pol-in.eu\/pl\/projekty\/projekty-2026\/\",\"url\":\"https:\/\/pol-in.eu\/pl\/projekty\/projekty-2026\/\",\"name\":\"Projekty 2026 - Pol-in.eu\",\"isPartOf\":{\"@id\":\"https:\/\/pol-in.eu\/#website\"},\"primaryImageOfPage\":{\"@id\":\"https:\/\/pol-in.eu\/pl\/projekty\/projekty-2026\/#primaryimage\"},\"image\":{\"@id\":\"https:\/\/pol-in.eu\/pl\/projekty\/projekty-2026\/#primaryimage\"},\"thumbnailUrl\":\"https:\/\/pol-in.eu\/wp-content\/uploads\/2025\/07\/JsG_Umschlag2025-1.jpg\",\"datePublished\":\"2025-12-14T13:31:40+00:00\",\"dateModified\":\"2025-12-14T13:32:01+00:00\",\"breadcrumb\":{\"@id\":\"https:\/\/pol-in.eu\/pl\/projekty\/projekty-2026\/#breadcrumb\"},\"inLanguage\":\"pl-PL\",\"potentialAction\":[{\"@type\":\"ReadAction\",\"target\":[\"https:\/\/pol-in.eu\/pl\/projekty\/projekty-2026\/\"]}]},{\"@type\":\"ImageObject\",\"inLanguage\":\"pl-PL\",\"@id\":\"https:\/\/pol-in.eu\/pl\/projekty\/projekty-2026\/#primaryimage\",\"url\":\"https:\/\/pol-in.eu\/wp-content\/uploads\/2025\/07\/JsG_Umschlag2025-1.jpg\",\"contentUrl\":\"https:\/\/pol-in.eu\/wp-content\/uploads\/2025\/07\/JsG_Umschlag2025-1.jpg\"},{\"@type\":\"BreadcrumbList\",\"@id\":\"https:\/\/pol-in.eu\/pl\/projekty\/projekty-2026\/#breadcrumb\",\"itemListElement\":[{\"@type\":\"ListItem\",\"position\":1,\"name\":\"Strona g\u0142\u00f3wna\",\"item\":\"https:\/\/pol-in.eu\/pl\/\"},{\"@type\":\"ListItem\",\"position\":2,\"name\":\"Projekty 2026\"}]},{\"@type\":\"WebSite\",\"@id\":\"https:\/\/pol-in.eu\/#website\",\"url\":\"https:\/\/pol-in.eu\/\",\"name\":\"Pol-in.eu\",\"description\":\"Polki w Gospodarce i Kulturze\",\"publisher\":{\"@id\":\"https:\/\/pol-in.eu\/#organization\"},\"potentialAction\":[{\"@type\":\"SearchAction\",\"target\":{\"@type\":\"EntryPoint\",\"urlTemplate\":\"https:\/\/pol-in.eu\/?s={search_term_string}\"},\"query-input\":{\"@type\":\"PropertyValueSpecification\",\"valueRequired\":true,\"valueName\":\"search_term_string\"}}],\"inLanguage\":\"pl-PL\"},{\"@type\":\"Organization\",\"@id\":\"https:\/\/pol-in.eu\/#organization\",\"name\":\"Pol-in.eu\",\"url\":\"https:\/\/pol-in.eu\/\",\"logo\":{\"@type\":\"ImageObject\",\"inLanguage\":\"pl-PL\",\"@id\":\"https:\/\/pol-in.eu\/#\/schema\/logo\/image\/\",\"url\":\"https:\/\/pol-in.eu\/wp-content\/uploads\/2017\/06\/logopolin.jpg\",\"contentUrl\":\"https:\/\/pol-in.eu\/wp-content\/uploads\/2017\/06\/logopolin.jpg\",\"width\":454,\"height\":119,\"caption\":\"Pol-in.eu \"},\"image\":{\"@id\":\"https:\/\/pol-in.eu\/#\/schema\/logo\/image\/\"}}]}<\/script>\n<!-- \/ Yoast SEO plugin. -->","yoast_head_json":{"title":"Projekty 2026 - Pol-in.eu","robots":{"index":"index","follow":"follow","max-snippet":"max-snippet:-1","max-image-preview":"max-image-preview:large","max-video-preview":"max-video-preview:-1"},"canonical":"https:\/\/pol-in.eu\/pl\/projekty\/projekty-2026\/","og_locale":"pl_PL","og_type":"article","og_title":"Projekty 2026 - Pol-in.eu","og_description":"XIII Mi\u0119dzynarodowy Konkurs Literacki \u201eM\u0142odzie\u017c pisze wiersze\u201d Jury XIII Mi\u0119dzynarodowego Konkursu Literackiego 2025 \u201eM\u0142odzie\u017c pisze wiersze\u201d wy\u0142oni\u0142o zwyci\u0119zc\u00f3w!Oto laureaci konkursu 2025 (PDF) W tym miejscu uka\u017c\u0105 si\u0119 w listopadzie nagrodzone prace.&nbsp;Oto prace nagrodzone w roku 2025 (PDF) Publiczna prezentacja nagrodzonych prac odb\u0119dzie si\u0119 13 grudnia 2025 r. w Domu Poezji(Haus f\u00fcr Poesie) w Berlinie. Mi\u0119dzynarodowy [&hellip;]","og_url":"https:\/\/pol-in.eu\/pl\/projekty\/projekty-2026\/","og_site_name":"Pol-in.eu","article_modified_time":"2025-12-14T13:32:01+00:00","og_image":[{"width":1720,"height":1748,"url":"https:\/\/pol-in.eu\/wp-content\/uploads\/2025\/07\/JsG_Umschlag2025-1.jpg","type":"image\/jpeg"}],"twitter_card":"summary_large_image","schema":{"@context":"https:\/\/schema.org","@graph":[{"@type":"WebPage","@id":"https:\/\/pol-in.eu\/pl\/projekty\/projekty-2026\/","url":"https:\/\/pol-in.eu\/pl\/projekty\/projekty-2026\/","name":"Projekty 2026 - Pol-in.eu","isPartOf":{"@id":"https:\/\/pol-in.eu\/#website"},"primaryImageOfPage":{"@id":"https:\/\/pol-in.eu\/pl\/projekty\/projekty-2026\/#primaryimage"},"image":{"@id":"https:\/\/pol-in.eu\/pl\/projekty\/projekty-2026\/#primaryimage"},"thumbnailUrl":"https:\/\/pol-in.eu\/wp-content\/uploads\/2025\/07\/JsG_Umschlag2025-1.jpg","datePublished":"2025-12-14T13:31:40+00:00","dateModified":"2025-12-14T13:32:01+00:00","breadcrumb":{"@id":"https:\/\/pol-in.eu\/pl\/projekty\/projekty-2026\/#breadcrumb"},"inLanguage":"pl-PL","potentialAction":[{"@type":"ReadAction","target":["https:\/\/pol-in.eu\/pl\/projekty\/projekty-2026\/"]}]},{"@type":"ImageObject","inLanguage":"pl-PL","@id":"https:\/\/pol-in.eu\/pl\/projekty\/projekty-2026\/#primaryimage","url":"https:\/\/pol-in.eu\/wp-content\/uploads\/2025\/07\/JsG_Umschlag2025-1.jpg","contentUrl":"https:\/\/pol-in.eu\/wp-content\/uploads\/2025\/07\/JsG_Umschlag2025-1.jpg"},{"@type":"BreadcrumbList","@id":"https:\/\/pol-in.eu\/pl\/projekty\/projekty-2026\/#breadcrumb","itemListElement":[{"@type":"ListItem","position":1,"name":"Strona g\u0142\u00f3wna","item":"https:\/\/pol-in.eu\/pl\/"},{"@type":"ListItem","position":2,"name":"Projekty 2026"}]},{"@type":"WebSite","@id":"https:\/\/pol-in.eu\/#website","url":"https:\/\/pol-in.eu\/","name":"Pol-in.eu","description":"Polki w Gospodarce i Kulturze","publisher":{"@id":"https:\/\/pol-in.eu\/#organization"},"potentialAction":[{"@type":"SearchAction","target":{"@type":"EntryPoint","urlTemplate":"https:\/\/pol-in.eu\/?s={search_term_string}"},"query-input":{"@type":"PropertyValueSpecification","valueRequired":true,"valueName":"search_term_string"}}],"inLanguage":"pl-PL"},{"@type":"Organization","@id":"https:\/\/pol-in.eu\/#organization","name":"Pol-in.eu","url":"https:\/\/pol-in.eu\/","logo":{"@type":"ImageObject","inLanguage":"pl-PL","@id":"https:\/\/pol-in.eu\/#\/schema\/logo\/image\/","url":"https:\/\/pol-in.eu\/wp-content\/uploads\/2017\/06\/logopolin.jpg","contentUrl":"https:\/\/pol-in.eu\/wp-content\/uploads\/2017\/06\/logopolin.jpg","width":454,"height":119,"caption":"Pol-in.eu "},"image":{"@id":"https:\/\/pol-in.eu\/#\/schema\/logo\/image\/"}}]}},"_links":{"self":[{"href":"https:\/\/pol-in.eu\/pl\/wp-json\/wp\/v2\/projects\/5304","targetHints":{"allow":["GET"]}}],"collection":[{"href":"https:\/\/pol-in.eu\/pl\/wp-json\/wp\/v2\/projects"}],"about":[{"href":"https:\/\/pol-in.eu\/pl\/wp-json\/wp\/v2\/types\/projects"}],"wp:attachment":[{"href":"https:\/\/pol-in.eu\/pl\/wp-json\/wp\/v2\/media?parent=5304"}],"curies":[{"name":"wp","href":"https:\/\/api.w.org\/{rel}","templated":true}]}}